{"id":711,"date":"2017-10-05T19:00:43","date_gmt":"2017-10-05T17:00:43","guid":{"rendered":"http:\/\/ssp.amu.edu.pl\/?page_id=711"},"modified":"2017-10-05T19:03:38","modified_gmt":"2017-10-05T17:03:38","slug":"nr-12017","status":"publish","type":"page","link":"http:\/\/ssp.amu.edu.pl\/en\/archive\/nr-12017\/","title":{"rendered":"Vol. 1\/2017"},"content":{"rendered":"<p><strong>Vol. 1\/2017<br \/>\n<a href=\"http:\/\/ssp.amu.edu.pl\/wp-content\/uploads\/2017\/10\/ssp-2017-1-okl.jpg\"><img loading=\"lazy\" decoding=\"async\" class=\"alignright  wp-image-248\" src=\"http:\/\/ssp.amu.edu.pl\/wp-content\/uploads\/2017\/10\/ssp-2017-1-okl.jpg\" alt=\"Ok\u0142adka SSP\" width=\"150\" height=\"213\" \/><\/a><\/strong><\/p>\n<p><a href=\"http:\/\/ssp.amu.edu.pl\/wp-content\/uploads\/2017\/10\/ssp-2017-1-00.pdf\">Contents<\/a><\/p>\n<p><strong>Marta G\u00f6tz<\/strong><br \/>\n<a href=\"http:\/\/ssp.amu.edu.pl\/wp-content\/uploads\/2017\/10\/ssp-2017-1-01.pdf\">Organizacje globalnego zarz\u0105dzania ekonomicznego w \u0142adzie<br \/>\npolicentrycznym na przyk\u0142adzie polityki wobec inwestycji<br \/>\nzagranicznych. Wyzwania i inicjatywy w obszarze koordynacji polityki<br \/>\nwobec bezpo\u015brednich inwestycji zagranicznych<\/a><\/p>\n<p><strong>Anna Wili\u0144ska-Zelek, Mi\u0142osz Malaga<\/strong><br \/>\n<a href=\"http:\/\/ssp.amu.edu.pl\/wp-content\/uploads\/2017\/10\/ssp-2017-1-02.pdf\">EU Competence and Intellectual Property Rights. Internally Shared,<br \/>\nExternally Exclusive?<\/a><\/p>\n<p><strong>Piotr Forecki<\/strong><br \/>\n<a href=\"http:\/\/ssp.amu.edu.pl\/wp-content\/uploads\/2017\/10\/ssp-2017-1-03.pdf\">Fantazmat Julii Brystiger<\/a><\/p>\n<p><strong>Dorota Piontek<\/strong><br \/>\n<a href=\"http:\/\/ssp.amu.edu.pl\/wp-content\/uploads\/2017\/10\/ssp-2017-1-05.pdf\">Reklama negatywna w polskich kampaniach wyborczych 2015 roku<\/a><\/p>\n<p><strong>Jaros\u0142aw Karda\u015b<\/strong><br \/>\n<a href=\"http:\/\/ssp.amu.edu.pl\/wp-content\/uploads\/2017\/10\/ssp-2017-1-06.pdf\">Podobie\u0144stwa i r\u00f3\u017cnice w zwalczaniu bojownik\u00f3w kaukaskich w okresie<br \/>\nsprawowania w\u0142adzy przez Borysa Jelcyna i W\u0142adimira Putina<br \/>\nw Federacji Rosyjskiej<\/a><\/p>\n<p><strong>Ewa Nowak-Teter<\/strong><br \/>\n<a href=\"http:\/\/ssp.amu.edu.pl\/wp-content\/uploads\/2017\/10\/ssp-2017-1-07.pdf\">Agenda intermedialna a agenda \u201erzeczywista\u201d. Nieadekwatno\u015b\u0107 hierarchii<br \/>\nnews\u00f3w w mediach informacyjnych do wska\u017anik\u00f3w \u015bwiata rzeczywistego<br \/>\npodczas samorz\u0105dowej kampanii wyborczej w 2014 roku<\/a><\/p>\n<p><strong>Dominika Naro\u017cna, Katarzyna Ewa Nowak<\/strong><br \/>\n<a href=\"http:\/\/ssp.amu.edu.pl\/wp-content\/uploads\/2017\/10\/ssp-2017-1-08.pdf\">W\u0142asno\u015b\u0107 intelektualna w uczelni publicznej (cz\u0119\u015b\u0107 2).<br \/>\nCasus Uniwersytetu im. Adama Mickiewicza w Poznaniu<\/a><\/p>\n<p><strong>Ireneusz Kra\u015b<\/strong><br \/>\n<a href=\"http:\/\/ssp.amu.edu.pl\/wp-content\/uploads\/2017\/10\/ssp-2017-1-09.pdf\">Organizacja nadzoru nad systemem finansowym w Polsce<\/a><\/p>\n<p><strong>Natalia Kusa<\/strong><br \/>\n<a href=\"http:\/\/ssp.amu.edu.pl\/wp-content\/uploads\/2017\/10\/ssp-2017-1-10.pdf\">Gwardia Narodowa Federacji Rosyjskiej jako element systemu bezpiecze\u0144stwa<br \/>\nwewn\u0119trznego Rosji<\/a><\/p>\n<p><strong>Adam Barabasz<\/strong><br \/>\n<a href=\"http:\/\/ssp.amu.edu.pl\/wp-content\/uploads\/2017\/10\/ssp-2017-1-11.pdf\">Polska wobec Jednolitego Aktu Europejskiego Europejskiej Wsp\u00f3lnoty<br \/>\nGospodarczej (1981\u20131987)<\/a><\/p>\n<p><strong>Piotr Pawe\u0142czyk, Jakub Jakubowski<\/strong><br \/>\n<a href=\"http:\/\/ssp.amu.edu.pl\/wp-content\/uploads\/2017\/10\/ssp-2017-1-12.pdf\">Postprawda i nowe media. Czy potrzebujemy postprawdy?<\/a><\/p>\n<p><strong>Fuad Jomma, Anna Linka<\/strong><br \/>\n<a href=\"http:\/\/ssp.amu.edu.pl\/wp-content\/uploads\/2017\/10\/ssp-2017-1-13.pdf\">Dzia\u0142alno\u015b\u0107 publiczna Kurd\u00f3w w Polsce na tle aktywno\u015bci<br \/>\ndiaspory kurdyjskiej w Europie Zachodniej<\/a><\/p>\n<p><strong>Wies\u0142aw Suchowiejko<\/strong><br \/>\n<a href=\"http:\/\/ssp.amu.edu.pl\/wp-content\/uploads\/2017\/10\/ssp-2017-1-15.pdf\">Polska kultura polityczna w \u015bwietle parlamentarnych debat bud\u017cetowych<br \/>\nz lat 2001\u20132010. Wybrane aspekty<\/a><\/p>\n<p><strong>Book Reviews<\/strong><br \/>\n<a href=\"http:\/\/ssp.amu.edu.pl\/wp-content\/uploads\/2017\/10\/ssp-2017-1-16.pdf\">Katarzyna Kosowska, Rosyjski sektor naftowy wobec nowych wyzwa\u0144<br \/>\nna rynku krajowym i zagranicznym (G. Piechota)<\/a><br \/>\n<\/p>","protected":false},"excerpt":{"rendered":"<p>Vol. 1\/2017 Contents Marta G\u00f6tz Organizacje globalnego zarz\u0105dzania ekonomicznego w \u0142adzie policentrycznym na przyk\u0142adzie polityki wobec inwestycji zagranicznych. Wyzwania i inicjatywy w obszarze koordynacji polityki wobec bezpo\u015brednich inwestycji zagranicznych Anna Wili\u0144ska-Zelek, Mi\u0142osz Malaga EU Competence and Intellectual Property Rights. Internally Shared, Externally Exclusive? Piotr Forecki Fantazmat Julii Brystiger Dorota Piontek Reklama negatywna w polskich kampaniach [&hellip;]<\/p>\n","protected":false},"author":2,"featured_media":0,"parent":32,"menu_order":0,"comment_status":"closed","ping_status":"closed","template":"","meta":{"footnotes":""},"class_list":["post-711","page","type-page","status-publish","hentry"],"_links":{"self":[{"href":"http:\/\/ssp.amu.edu.pl\/en\/wp-json\/wp\/v2\/pages\/711","targetHints":{"allow":["GET"]}}],"collection":[{"href":"http:\/\/ssp.amu.edu.pl\/en\/wp-json\/wp\/v2\/pages"}],"about":[{"href":"http:\/\/ssp.amu.edu.pl\/en\/wp-json\/wp\/v2\/types\/page"}],"author":[{"embeddable":true,"href":"http:\/\/ssp.amu.edu.pl\/en\/wp-json\/wp\/v2\/users\/2"}],"replies":[{"embeddable":true,"href":"http:\/\/ssp.amu.edu.pl\/en\/wp-json\/wp\/v2\/comments?post=711"}],"version-history":[{"count":3,"href":"http:\/\/ssp.amu.edu.pl\/en\/wp-json\/wp\/v2\/pages\/711\/revisions"}],"predecessor-version":[{"id":1417,"href":"http:\/\/ssp.amu.edu.pl\/en\/wp-json\/wp\/v2\/pages\/711\/revisions\/1417"}],"up":[{"embeddable":true,"href":"http:\/\/ssp.amu.edu.pl\/en\/wp-json\/wp\/v2\/pages\/32"}],"wp:attachment":[{"href":"http:\/\/ssp.amu.edu.pl\/en\/wp-json\/wp\/v2\/media?parent=711"}],"curies":[{"name":"wp","href":"https:\/\/api.w.org\/{rel}","templated":true}]}}