{"id":155,"date":"2013-07-26T13:10:38","date_gmt":"2013-07-26T11:10:38","guid":{"rendered":"http:\/\/ssp.amu.edu.pl\/?page_id=155"},"modified":"2013-07-26T13:10:38","modified_gmt":"2013-07-26T11:10:38","slug":"nr-1-22009","status":"publish","type":"page","link":"http:\/\/ssp.amu.edu.pl\/en\/archive\/nr-1-22009\/","title":{"rendered":"Vol. 1-2\/2009"},"content":{"rendered":"<p><\/p>\n<h3>Articles<\/h3>\n<p><strong>Beata Przybylska &#8211; Maszner\u00a0 <\/strong><br \/>\n<a href=\"http:\/\/wnpid.amu.edu.pl\/images\/stories\/ssp\/ssp_2009_1_2\/007-036.pdf\">Operacje w obszarze Europejskiej Polityki Bezpiecze\u0144stwa i Obrony \u2013 uwarunkowania i perspektywy rozwoju<\/a><\/p>\n<p><strong>Cezary Olbromski <\/strong><br \/>\n<a href=\"http:\/\/wnpid.amu.edu.pl\/images\/stories\/ssp\/ssp_2009_1_2\/037-048.pdf\">Teoretyczne i praktyczne ograniczenia implementacji zasad demokratycznych modelu deliberatywnego w Europie \u015arodkowej na prze\u0142omie XX i XXI w. \u2014\u00a0 uwagi in statu nascendi <\/a><\/p>\n<p><strong>J\u0119drzej Skrzypczak<\/strong><br \/>\n<a href=\"http:\/\/wnpid.amu.edu.pl\/images\/stories\/ssp\/ssp_2009_1_2\/049-070.pdf\">Za\u0142o\u017cenia przebudowy systemu publicznej radiofonii i telewizji w projekcie ustawy o zadaniach publicznych w dziedzinie us\u0142ug medialnych zespo\u0142u ekspert\u00f3w Ministra Kultury i Dziedzictwa Narodowego z 30 listopada 2008r. <\/a><\/p>\n<p><strong>Jacek Sobczak<\/strong><br \/>\n<a href=\"http:\/\/wnpid.amu.edu.pl\/images\/stories\/ssp\/ssp_2009_1_2\/071-090.pdf\">Orientacja seksualna jako prawo cz\u0142owieka <\/a><\/p>\n<p><strong>Cezary Trosiak<\/strong><br \/>\n<a href=\"http:\/\/wnpid.amu.edu.pl\/images\/stories\/ssp\/ssp_2009_1_2\/091-110.pdf\">Uwarunkowania i perspektywy dyskusji na temat narodu \u015bl\u0105skiego <\/a><\/p>\n<p><strong>Wojciech Stankiewicz\u00a0 <\/strong><br \/>\n<a href=\"http:\/\/wnpid.amu.edu.pl\/images\/stories\/ssp\/ssp_2009_1_2\/111-136.pdf\">Geneza postawy antykapitalistycznej <\/a><\/p>\n<p><strong>Maria Go\u0142da\u2013Sobczak, Witold Sobczak <\/strong><br \/>\n<a href=\"http:\/\/wnpid.amu.edu.pl\/images\/stories\/ssp\/ssp_2009_1_2\/137-156.pdf\">Wolno\u015b\u0107 sumienia i wyznania w \u015bwietle najnowszych orzecze\u0144 Europejskiego Trybuna\u0142u Praw Cz\u0142owieka<\/a><\/p>\n<p><strong>Piotr Forecki<\/strong><br \/>\n<a href=\"http:\/\/wnpid.amu.edu.pl\/images\/stories\/ssp\/ssp_2009_1_2\/157-184.pdf\">Stolzman w Belwederze? Instrumentalizacja antysemityzmu w kampaniach prezydenckich w Polsce po roku 1989<\/a><\/p>\n<p><strong>Beata Paj\u0105k, Mariusz Pawlukiewicz<\/strong><br \/>\n<a href=\"http:\/\/wnpid.amu.edu.pl\/images\/stories\/ssp\/ssp_2009_1_2\/185-202.pdf\">Postawy mieszka\u0144c\u00f3w ma\u0142ych miejscowo\u015bci wobec Unii europejskiej na przyk\u0142adzie Trzcianki <\/a><\/p>\n<p><strong>Beata Piskorska<\/strong><br \/>\n<a href=\"http:\/\/wnpid.amu.edu.pl\/images\/stories\/ssp\/ssp_2009_1_2\/203-232.pdf\">Wymiar wschodni Unii Europejskiej &#8211; komplementarny czy konkurencyjny dla pozosta\u0142ych kierunk\u00f3w polityki zagranicznej Unii? (analogie i rozbie\u017cno\u015bci).<\/a><\/p>\n<p><strong>Nartsiss Shukuralieva<\/strong><br \/>\n<a href=\"http:\/\/wnpid.amu.edu.pl\/images\/stories\/ssp\/ssp_2009_1_2\/233-244.pdf\">Rola partii i ugrupowa\u0144 politycznych w wydarzeniach \u201etulipanowej rewolucji\u201d w Kirgistanie<\/a><\/p>\n<p><strong>Krzysztof Strzelczyk<\/strong><br \/>\n<a href=\"http:\/\/wnpid.amu.edu.pl\/images\/stories\/ssp\/ssp_2009_1_2\/245-272.pdf\">Dobro wsp\u00f3lne jako naczelna zasada Konstytucji RP z dnia 2 kwietnia 1997 r. <\/a><\/p>\n<p><strong>Andrzej Lebiotkowski<\/strong><br \/>\n<a href=\"http:\/\/wnpid.amu.edu.pl\/images\/stories\/ssp\/ssp_2009_1_2\/273-292.pdf\">Wp\u0142yw medi\u00f3w na kszta\u0142towanie postaw politycznych m\u0142odzie\u017cy (wyniki bada\u0144) <\/a><\/p>\n<p><strong>Ksenia Kakareko<\/strong><br \/>\n<a href=\"http:\/\/wnpid.amu.edu.pl\/images\/stories\/ssp\/ssp_2009_1_2\/293-310.pdf\">Federacja Rosyjska po wyborach do Dumy Pa\u0144stwowej 2007 r.<\/a><\/p>\n<p><strong>Ma\u0142gorzata St\u0119pie\u0144<\/strong><br \/>\n<a href=\"http:\/\/wnpid.amu.edu.pl\/images\/stories\/ssp\/ssp_2009_1_2\/311-338.pdf\">Kontrowersyjna tw\u00f3rczo\u015b\u0107: opracowanie, kontynuacja, rekonstrukcja<\/a><\/p>\n<p><strong> Agnieszka Kami\u0144ska<\/strong><br \/>\n<a href=\"http:\/\/wnpid.amu.edu.pl\/images\/stories\/ssp\/ssp_2009_1_2\/339-356.pdf\">Koncepcja ustroju pa\u0144stwa w dokumentach Vaticanum Secundum<\/a><\/p>\n<p><strong> Paulina Wi\u015bniewska <\/strong><br \/>\n<a href=\"http:\/\/wnpid.amu.edu.pl\/images\/stories\/ssp\/ssp_2009_1_2\/357-376.pdf\">J\u0119zyk polityka, polityka w j\u0119zyku\/Polityka na j\u0119zyku Rozwa\u017cania na temat werbalnych form kontaktu z wyborcami polskich dzia\u0142aczy politycznych (analiza internetowych wyda\u0144 \u015brodk\u00f3w spo\u0142ecznego przekazu u schy\u0142ku pierwszego dziesi\u0119ciolecia XXI w.)<\/a><\/p>\n<h3><a href=\"http:\/\/wnpid.amu.edu.pl\/images\/stories\/ssp\/ssp_2009_1_2\/377-394.pdf\">Book reviews<\/a><\/h3>\n<ul>\n<li>Tomasz Bia\u0142ek, <em>Terroryzm manipulacja strachem<\/em>, Wydawnictwo Studio Emka, Warszawa 2005 (Wojciech Stankiewicz)<\/li>\n<li><em>The European Union and Its Neighbours. A legal appraisal of the EU\u2019s Policies of stabilisation, partnership and integration<\/em>, ed. by Steven Blockmans and Adam \u0141azowski,\u00a0 The Hague 2006 (Beata Piskorska)<\/li>\n<li><em>Procesy migracyjne w kontek\u015bcie przemian kulturowo-cywilizacyjnych<\/em>, pod red. Ewy Polak i Joanny Leskiej-\u015al\u0119zak, Pelplin 2007 (Urszula Kr\u00f3l)<\/li>\n<li>Maciej Giertych, <em>European Values<\/em>, Bruxells 2007 (Marcin Lisek)<\/li>\n<\/ul>\n<p><\/p>","protected":false},"excerpt":{"rendered":"<p>Articles Beata Przybylska &#8211; Maszner\u00a0 Operacje w obszarze Europejskiej Polityki Bezpiecze\u0144stwa i Obrony \u2013 uwarunkowania i perspektywy rozwoju Cezary Olbromski Teoretyczne i praktyczne ograniczenia implementacji zasad demokratycznych modelu deliberatywnego w Europie \u015arodkowej na prze\u0142omie XX i XXI w. \u2014\u00a0 uwagi in statu nascendi J\u0119drzej Skrzypczak Za\u0142o\u017cenia przebudowy systemu publicznej radiofonii i telewizji w projekcie ustawy [&hellip;]<\/p>\n","protected":false},"author":1,"featured_media":0,"parent":32,"menu_order":0,"comment_status":"closed","ping_status":"open","template":"","meta":{"footnotes":""},"class_list":["post-155","page","type-page","status-publish","hentry"],"_links":{"self":[{"href":"http:\/\/ssp.amu.edu.pl\/en\/wp-json\/wp\/v2\/pages\/155","targetHints":{"allow":["GET"]}}],"collection":[{"href":"http:\/\/ssp.amu.edu.pl\/en\/wp-json\/wp\/v2\/pages"}],"about":[{"href":"http:\/\/ssp.amu.edu.pl\/en\/wp-json\/wp\/v2\/types\/page"}],"author":[{"embeddable":true,"href":"http:\/\/ssp.amu.edu.pl\/en\/wp-json\/wp\/v2\/users\/1"}],"replies":[{"embeddable":true,"href":"http:\/\/ssp.amu.edu.pl\/en\/wp-json\/wp\/v2\/comments?post=155"}],"version-history":[{"count":0,"href":"http:\/\/ssp.amu.edu.pl\/en\/wp-json\/wp\/v2\/pages\/155\/revisions"}],"up":[{"embeddable":true,"href":"http:\/\/ssp.amu.edu.pl\/en\/wp-json\/wp\/v2\/pages\/32"}],"wp:attachment":[{"href":"http:\/\/ssp.amu.edu.pl\/en\/wp-json\/wp\/v2\/media?parent=155"}],"curies":[{"name":"wp","href":"https:\/\/api.w.org\/{rel}","templated":true}]}}